{"id":309,"date":"2025-02-01T16:39:51","date_gmt":"2025-02-01T14:39:51","guid":{"rendered":"https:\/\/www.ulrike-dorner.at\/?page_id=309"},"modified":"2025-02-02T23:08:11","modified_gmt":"2025-02-02T21:08:11","slug":"pferdegestuetzte-psychotherapie","status":"publish","type":"page","link":"https:\/\/www.ulrike-dorner.at\/?page_id=309","title":{"rendered":"Pferdegest\u00fctzte Psychotherapie"},"content":{"rendered":"<p>Durch meine langj\u00e4hrige Erfahrung im Bereich der Reittherapie (Heilp\u00e4dagogisches Voltigieren und Reiten) und dem Wissen, welches ich mir als Psychotherapeutin aneignete und immer wieder aufs Neue vertiefe, m\u00f6chte ich meinen Klienten die M\u00f6glichkeit anbieten, mit den Pferden im psychotherapeutischen Kontext gemeinsam zu arbeiten.<\/p>\n<p>Das Einbeziehen von Pferden in die Psychotherapie bedeutet ein \u00d6ffnen und Erweitern des Settings. Das Pferd als Medium hat eine eigene spezifische Wirkung, erg\u00e4nzend zu den angewandten systemischen Interventionsformen.<\/p>\n","protected":false},"excerpt":{"rendered":"<p>Durch meine langj\u00e4hrige Erfahrung im Bereich der Reittherapie (Heilp\u00e4dagogisches Voltigieren und Reiten) und dem Wissen, welches ich mir als Psychotherapeutin aneignete und immer wieder aufs Neue vertiefe, m\u00f6chte ich meinen Klienten die M\u00f6glichkeit anbieten, mit den Pferden im psychotherapeutischen Kontext &hellip; <a href=\"https:\/\/www.ulrike-dorner.at\/?page_id=309\">Weiterlesen <span class=\"meta-nav\">&rarr;<\/span><\/a><\/p>\n","protected":false},"author":2,"featured_media":226,"parent":47,"menu_order":0,"comment_status":"closed","ping_status":"closed","template":"","meta":{"ngg_post_thumbnail":0,"footnotes":""},"class_list":["post-309","page","type-page","status-publish","has-post-thumbnail","hentry"],"_links":{"self":[{"href":"https:\/\/www.ulrike-dorner.at\/index.php?rest_route=\/wp\/v2\/pages\/309","targetHints":{"allow":["GET"]}}],"collection":[{"href":"https:\/\/www.ulrike-dorner.at\/index.php?rest_route=\/wp\/v2\/pages"}],"about":[{"href":"https:\/\/www.ulrike-dorner.at\/index.php?rest_route=\/wp\/v2\/types\/page"}],"author":[{"embeddable":true,"href":"https:\/\/www.ulrike-dorner.at\/index.php?rest_route=\/wp\/v2\/users\/2"}],"replies":[{"embeddable":true,"href":"https:\/\/www.ulrike-dorner.at\/index.php?rest_route=%2Fwp%2Fv2%2Fcomments&post=309"}],"version-history":[{"count":2,"href":"https:\/\/www.ulrike-dorner.at\/index.php?rest_route=\/wp\/v2\/pages\/309\/revisions"}],"predecessor-version":[{"id":323,"href":"https:\/\/www.ulrike-dorner.at\/index.php?rest_route=\/wp\/v2\/pages\/309\/revisions\/323"}],"up":[{"embeddable":true,"href":"https:\/\/www.ulrike-dorner.at\/index.php?rest_route=\/wp\/v2\/pages\/47"}],"wp:featuredmedia":[{"embeddable":true,"href":"https:\/\/www.ulrike-dorner.at\/index.php?rest_route=\/wp\/v2\/media\/226"}],"wp:attachment":[{"href":"https:\/\/www.ulrike-dorner.at\/index.php?rest_route=%2Fwp%2Fv2%2Fmedia&parent=309"}],"curies":[{"name":"wp","href":"https:\/\/api.w.org\/{rel}","templated":true}]}}